{"id":241,"date":"2022-02-07T20:56:07","date_gmt":"2022-02-07T20:56:07","guid":{"rendered":"https:\/\/imaginemorocco.com\/es\/?page_id=241"},"modified":"2022-02-16T21:23:21","modified_gmt":"2022-02-16T21:23:21","slug":"viajes-por-marruecos","status":"publish","type":"page","link":"https:\/\/imaginemorocco.com\/es\/viajes-por-marruecos\/","title":{"rendered":"Viajes Por Marruecos"},"content":{"rendered":"\t\t<div data-elementor-type=\"wp-page\" data-elementor-id=\"241\" class=\"elementor elementor-241\">\n\t\t\t\t\t\t<section class=\"elementor-section elementor-top-section elementor-element elementor-element-9901109 elementor-section-boxed elementor-section-height-default elementor-section-height-default\" data-id=\"9901109\" data-element_type=\"section\" data-e-type=\"section\" data-settings=\"{&quot;background_background&quot;:&quot;classic&quot;,&quot;shape_divider_bottom&quot;:&quot;triangle&quot;,&quot;shape_divider_bottom_negative&quot;:&quot;yes&quot;}\">\n\t\t\t\t\t\t\t<div class=\"elementor-background-overlay\"><\/div>\n\t\t\t\t\t\t<div class=\"elementor-shape elementor-shape-bottom\" aria-hidden=\"true\" data-negative=\"true\">\n\t\t\t<svg xmlns=\"http:\/\/www.w3.org\/2000\/svg\" viewBox=\"0 0 1000 100\" preserveAspectRatio=\"none\">\n\t<path class=\"elementor-shape-fill\" d=\"M500.2,94.7L0,0v100h1000V0L500.2,94.7z\"\/>\n<\/svg>\t\t<\/div>\n\t\t\t\t\t<div class=\"elementor-container elementor-column-gap-default\">\n\t\t\t\t\t<div class=\"elementor-column elementor-col-100 elementor-top-column elementor-element elementor-element-3b34e24e\" data-id=\"3b34e24e\" data-element_type=\"column\" data-e-type=\"column\">\n\t\t\t<div class=\"elementor-widget-wrap elementor-element-populated\">\n\t\t\t\t\t\t<div class=\"elementor-element elementor-element-7c087635 elementor-widget elementor-widget-spacer\" data-id=\"7c087635\" data-element_type=\"widget\" data-e-type=\"widget\" data-widget_type=\"spacer.default\">\n\t\t\t\t<div class=\"elementor-widget-container\">\n\t\t\t\t\t\t\t<div class=\"elementor-spacer\">\n\t\t\t<div class=\"elementor-spacer-inner\"><\/div>\n\t\t<\/div>\n\t\t\t\t\t\t<\/div>\n\t\t\t\t<\/div>\n\t\t\t\t<div class=\"elementor-element elementor-element-7faf8a3 elementor-widget elementor-widget-heading\" data-id=\"7faf8a3\" data-element_type=\"widget\" data-e-type=\"widget\" data-widget_type=\"heading.default\">\n\t\t\t\t<div class=\"elementor-widget-container\">\n\t\t\t\t\t<h2 class=\"elementor-heading-title elementor-size-default\">Viajes al desierto de Marruecos | Viajes privados a Marruecos | Viajes en grupo | Viajes est\u00e1ndar y de lujo<\/h2>\t\t\t\t<\/div>\n\t\t\t\t<\/div>\n\t\t\t\t<div class=\"elementor-element elementor-element-1af3659b elementor-widget elementor-widget-text-editor\" data-id=\"1af3659b\" data-element_type=\"widget\" data-e-type=\"widget\" data-widget_type=\"text-editor.default\">\n\t\t\t\t<div class=\"elementor-widget-container\">\n\t\t\t\t\t\t\t\t\t<p>Los mejores y m\u00e1s reservados viajes privados al desierto de Marruecos para todo tipo de viajeros, grupos, parejas, viajeros en solitario y m\u00e1s. \u00a1Reserve o personalice su tour con nosotros ahora!<\/p>\t\t\t\t\t\t\t\t<\/div>\n\t\t\t\t<\/div>\n\t\t\t\t<div class=\"elementor-element elementor-element-346a4231 elementor-align-center elementor-widget elementor-widget-button\" data-id=\"346a4231\" data-element_type=\"widget\" data-e-type=\"widget\" data-widget_type=\"button.default\">\n\t\t\t\t<div class=\"elementor-widget-container\">\n\t\t\t\t\t\t\t\t\t<div class=\"elementor-button-wrapper\">\n\t\t\t\t\t<a class=\"elementor-button elementor-button-link elementor-size-md\" href=\"https:\/\/imaginemorocco.com\/es\/contacto-con-nosotros\/\">\n\t\t\t\t\t\t<span class=\"elementor-button-content-wrapper\">\n\t\t\t\t\t\t\t\t\t<span class=\"elementor-button-text\">Reserva<\/span>\n\t\t\t\t\t<\/span>\n\t\t\t\t\t<\/a>\n\t\t\t\t<\/div>\n\t\t\t\t\t\t\t\t<\/div>\n\t\t\t\t<\/div>\n\t\t\t\t<div class=\"elementor-element elementor-element-5fda512f elementor-widget-divider--view-line elementor-widget elementor-widget-divider\" data-id=\"5fda512f\" data-element_type=\"widget\" data-e-type=\"widget\" data-widget_type=\"divider.default\">\n\t\t\t\t<div class=\"elementor-widget-container\">\n\t\t\t\t\t\t\t<div class=\"elementor-divider\">\n\t\t\t<span class=\"elementor-divider-separator\">\n\t\t\t\t\t\t<\/span>\n\t\t<\/div>\n\t\t\t\t\t\t<\/div>\n\t\t\t\t<\/div>\n\t\t\t\t\t<\/div>\n\t\t<\/div>\n\t\t\t\t\t<\/div>\n\t\t<\/section>\n\t\t\t\t<section class=\"elementor-section elementor-top-section elementor-element elementor-element-7f18dae3 elementor-section-boxed elementor-section-height-default elementor-section-height-default\" data-id=\"7f18dae3\" data-element_type=\"section\" data-e-type=\"section\" data-settings=\"{&quot;background_background&quot;:&quot;classic&quot;}\">\n\t\t\t\t\t\t\t<div class=\"elementor-background-overlay\"><\/div>\n\t\t\t\t\t\t\t<div class=\"elementor-container elementor-column-gap-default\">\n\t\t\t\t\t<div class=\"elementor-column elementor-col-100 elementor-top-column elementor-element elementor-element-76db0f83\" data-id=\"76db0f83\" data-element_type=\"column\" data-e-type=\"column\">\n\t\t\t<div class=\"elementor-widget-wrap elementor-element-populated\">\n\t\t\t\t\t\t<div class=\"elementor-element elementor-element-4037cb33 elementor-widget elementor-widget-heading\" data-id=\"4037cb33\" data-element_type=\"widget\" data-e-type=\"widget\" data-widget_type=\"heading.default\">\n\t\t\t\t<div class=\"elementor-widget-container\">\n\t\t\t\t\t<h2 class=\"elementor-heading-title elementor-size-default\">Viajes privados y en grupo por el desierto de Marruecos<\/h2>\t\t\t\t<\/div>\n\t\t\t\t<\/div>\n\t\t\t\t<div class=\"elementor-element elementor-element-588a6c52 elementor-widget elementor-widget-text-editor\" data-id=\"588a6c52\" data-element_type=\"widget\" data-e-type=\"widget\" data-widget_type=\"text-editor.default\">\n\t\t\t\t<div class=\"elementor-widget-container\">\n\t\t\t\t\t\t\t\t\t<p>Est\u00e1 dispuesto a visitar pronto Marruecos? \u00bfEst\u00e1 buscando los mejores viajes al desierto de Marruecos (viajes privados y en grupo)? Sin duda, este es el camino correcto para ello. El equipo de Imagine Morocco te ofrece los mejores viajes desde donde est\u00e9s, Marrakech, Casablanca, Fes&#8230; Adem\u00e1s, te ofrecemos tours de lujo y est\u00e1ndar por todo Marruecos para descubrir la belleza de nuestros paisajes, ciudades y la diversidad de nuestra cultura. Adem\u00e1s, con nuestros gu\u00edas, descubrir\u00e1 muchas cosas que s\u00f3lo los lugare\u00f1os conocen. Nuestros gu\u00edas son expertos, multiling\u00fces. Estar\u00e1n encantados de ayudarle en todo lo que puedan para que su viaje sea excepcional y \u00fanico.<\/p>\t\t\t\t\t\t\t\t<\/div>\n\t\t\t\t<\/div>\n\t\t\t\t<div class=\"elementor-element elementor-element-758aa378 elementor-widget elementor-widget-themo-tour-grid\" data-id=\"758aa378\" data-element_type=\"widget\" data-e-type=\"widget\" data-widget_type=\"themo-tour-grid.default\">\n\t\t\t\t<div class=\"elementor-widget-container\">\n\t\t\t\t\t\n                <div id=\"th-portfolio-content-69ef6ce72b8e4\" class=\"th-portfolio\">\n\n            \n                <div id=\"filters\" class=\"th-portfolio-filters\">\n                    <span>Sort:<\/span>\n                    <a href=\"#\" data-filter=\"*\" class=\"current\">All<\/a>\n                    <a href=\"#\" data-filter=\"#th-portfolio-content-69ef6ce72b8e4 .p-viajes-desde-casablanca\">Viajes desde Casablanca<\/a><a href=\"#\" data-filter=\"#th-portfolio-content-69ef6ce72b8e4 .p-viajes-desde-fez\">Viajes desde Fez<\/a><a href=\"#\" data-filter=\"#th-portfolio-content-69ef6ce72b8e4 .p-viajes-desde-marrakech\">Viajes desde Marrakech<\/a><a href=\"#\" data-filter=\"#th-portfolio-content-69ef6ce72b8e4 .p-viajes-desde-tangier\">Viajes desde T\u00e1nger<\/a>                <\/div>\n\n            \n            <div id=\"th-portfolio-row\" class=\"th-portfolio-row row portfolio_content  four-columns th-port-gutter\">\n\n                                        <div id=\"post-537\" class=\"th-portfolio-item item col-md-3 col-sm-6 post-537 themo_tour type-themo_tour status-publish format-standard has-post-thumbnail hentry\">\n                            <div class=\"th-port-wrap\">\n                                <img fetchpriority=\"high\" decoding=\"async\" width=\"394\" height=\"394\" src=\"https:\/\/imaginemorocco.com\/es\/wp-content\/uploads\/2022\/03\/desert-4943467_640-394x394.jpg\" class=\"img-responsive th-port-img wp-post-image\" alt=\"Viaje de 3 d\u00edas al desierto de Marrakech a Fez\" \/>\n                                <div class=\"th-port-overlay\"><\/div>\n                                <div class=\"th-port-inner\">\n                                                                        <div class=\"th-port-center\">\n                                        <h3 class=\"th-port-title\">Viaje de 3 d\u00edas al desierto de Marrakech a Fez<\/h3>\n                                        <p class=\"th-port-sub\">Desde \u20ac100<\/p>                                                                                    <span class=\"th-port-btn\">Leer M\u00e1s<\/span>\n                                                                            <\/div>\n                                    <a href=\"https:\/\/imaginemorocco.com\/es\/tour\/viaje-de-3-dias-al-desierto-de-marrakech-a-fez\/\" class=\"th-port-link\" ><\/a>                                <\/div>\n                            <\/div>\n                        <\/div>\n                                                <div id=\"post-519\" class=\"th-portfolio-item item col-md-3 col-sm-6 p-viajes-desde-marrakech post-519 themo_tour type-themo_tour status-publish format-standard has-post-thumbnail hentry themo_tour_type-viajes-desde-marrakech\">\n                            <div class=\"th-port-wrap\">\n                                <img decoding=\"async\" width=\"605\" height=\"605\" src=\"https:\/\/imaginemorocco.com\/es\/wp-content\/uploads\/2022\/03\/kanio-4774930_1280-605x605.jpg\" class=\"img-responsive th-port-img wp-post-image\" alt=\"Viaje de 5 d\u00edas de Marrakech al desierto de Merzouga\" \/>\n                                <div class=\"th-port-overlay\"><\/div>\n                                <div class=\"th-port-inner\">\n                                                                        <div class=\"th-port-center\">\n                                        <h3 class=\"th-port-title\">Viaje de 5 d\u00edas de Marrakech al desierto<\/h3>\n                                        <p class=\"th-port-sub\">Desde \u20ac320<\/p>                                                                                    <span class=\"th-port-btn\">Leer M\u00e1s<\/span>\n                                                                            <\/div>\n                                    <a href=\"https:\/\/imaginemorocco.com\/es\/tour\/viaje-de-5-dias-de-marrakech-al-desierto\/\" class=\"th-port-link\" ><\/a>                                <\/div>\n                            <\/div>\n                        <\/div>\n                                                <div id=\"post-597\" class=\"th-portfolio-item item col-md-3 col-sm-6 p-viajes-desde-fez post-597 themo_tour type-themo_tour status-publish format-standard has-post-thumbnail hentry themo_tour_type-viajes-desde-fez\">\n                            <div class=\"th-port-wrap\">\n                                <img decoding=\"async\" width=\"605\" height=\"605\" src=\"https:\/\/imaginemorocco.com\/es\/wp-content\/uploads\/2022\/03\/elektra-klimi-q7lqMkTTpXw-unsplash-605x605.jpg\" class=\"img-responsive th-port-img wp-post-image\" alt=\"Viaje de 6 d\u00edas de Fez a Marrakech\" \/>\n                                <div class=\"th-port-overlay\"><\/div>\n                                <div class=\"th-port-inner\">\n                                                                        <div class=\"th-port-center\">\n                                        <h3 class=\"th-port-title\">Viaje de 6 d\u00edas de Fez a Marrakech<\/h3>\n                                        <p class=\"th-port-sub\">Desde \u20ac350<\/p>                                                                                    <span class=\"th-port-btn\">Leer M\u00e1s<\/span>\n                                                                            <\/div>\n                                    <a href=\"https:\/\/imaginemorocco.com\/es\/tour\/viaje-de-6-dias-de-fez-a-marrakech\/\" class=\"th-port-link\" ><\/a>                                <\/div>\n                            <\/div>\n                        <\/div>\n                                                <div id=\"post-578\" class=\"th-portfolio-item item col-md-3 col-sm-6 p-viajes-desde-casablanca post-578 themo_tour type-themo_tour status-publish format-standard has-post-thumbnail hentry themo_tour_type-viajes-desde-casablanca\">\n                            <div class=\"th-port-wrap\">\n                                <img loading=\"lazy\" decoding=\"async\" width=\"605\" height=\"605\" src=\"https:\/\/imaginemorocco.com\/es\/wp-content\/uploads\/2022\/03\/desert-4944794_1280-1-605x605.jpg\" class=\"img-responsive th-port-img wp-post-image\" alt=\"viaje de 10 d\u00edas a Marruecos por Marruecos desde Casablanca\" \/>\n                                <div class=\"th-port-overlay\"><\/div>\n                                <div class=\"th-port-inner\">\n                                                                        <div class=\"th-port-center\">\n                                        <h3 class=\"th-port-title\">Viaje de 10 d\u00edas desde Casablanca<\/h3>\n                                        <p class=\"th-port-sub\">Desde \u20ac615<\/p>                                                                                    <span class=\"th-port-btn\">Leer M\u00e1s<\/span>\n                                                                            <\/div>\n                                    <a href=\"https:\/\/imaginemorocco.com\/es\/tour\/viaje-de-10-dias-por-marruecos-desde-casablanca\/\" class=\"th-port-link\" ><\/a>                                <\/div>\n                            <\/div>\n                        <\/div>\n                                                <div id=\"post-557\" class=\"th-portfolio-item item col-md-3 col-sm-6 p-viajes-desde-tangier post-557 themo_tour type-themo_tour status-publish format-standard has-post-thumbnail hentry themo_tour_type-viajes-desde-tangier\">\n                            <div class=\"th-port-wrap\">\n                                <img loading=\"lazy\" decoding=\"async\" width=\"605\" height=\"605\" src=\"https:\/\/imaginemorocco.com\/es\/wp-content\/uploads\/2022\/03\/desert-4990324_1280-1-605x605.jpg\" class=\"img-responsive th-port-img wp-post-image\" alt=\"Viaje de 4 d\u00edas desde T\u00e1nger v\u00eda Rabat\" \/>\n                                <div class=\"th-port-overlay\"><\/div>\n                                <div class=\"th-port-inner\">\n                                                                        <div class=\"th-port-center\">\n                                        <h3 class=\"th-port-title\">Viaje de 4 d\u00edas desde T\u00e1nger v\u00eda Rabat<\/h3>\n                                        <p class=\"th-port-sub\">Desde \u20ac250<\/p>                                                                                    <span class=\"th-port-btn\">Leer M\u00e1s<\/span>\n                                                                            <\/div>\n                                    <a href=\"https:\/\/imaginemorocco.com\/es\/tour\/viaje-de-4-dias-desde-tanger-via-rabat\/\" class=\"th-port-link\" ><\/a>                                <\/div>\n                            <\/div>\n                        <\/div>\n                                                <div id=\"post-494\" class=\"th-portfolio-item item col-md-3 col-sm-6 p-viajes-desde-casablanca post-494 themo_tour type-themo_tour status-publish format-standard has-post-thumbnail hentry themo_tour_type-viajes-desde-casablanca\">\n                            <div class=\"th-port-wrap\">\n                                <img loading=\"lazy\" decoding=\"async\" width=\"605\" height=\"605\" src=\"https:\/\/imaginemorocco.com\/es\/wp-content\/uploads\/2022\/03\/desert-duns-sahara-6155795_1280-605x605.jpg\" class=\"img-responsive th-port-img wp-post-image\" alt=\"Excursi\u00f3n de 4 d\u00edas de Casablanca\" \/>\n                                <div class=\"th-port-overlay\"><\/div>\n                                <div class=\"th-port-inner\">\n                                                                        <div class=\"th-port-center\">\n                                        <h3 class=\"th-port-title\">Excursi\u00f3n de 4 d\u00edas de Casablanca<\/h3>\n                                        <p class=\"th-port-sub\">Desde \u20ac250<\/p>                                                                                    <span class=\"th-port-btn\">Leer M\u00e1s<\/span>\n                                                                            <\/div>\n                                    <a href=\"https:\/\/imaginemorocco.com\/es\/tour\/excursion-de-4-dias-de-casablanca-a-marrakech\/\" class=\"th-port-link\" ><\/a>                                <\/div>\n                            <\/div>\n                        <\/div>\n                                                <div id=\"post-766\" class=\"th-portfolio-item item col-md-3 col-sm-6 p-viajes-desde-tangier post-766 themo_tour type-themo_tour status-publish format-standard has-post-thumbnail hentry themo_tour_type-viajes-desde-tangier\">\n                            <div class=\"th-port-wrap\">\n                                <img loading=\"lazy\" decoding=\"async\" width=\"394\" height=\"394\" src=\"https:\/\/imaginemorocco.com\/es\/wp-content\/uploads\/2022\/03\/morocco-4034924_640-394x394.jpg\" class=\"img-responsive th-port-img wp-post-image\" alt=\"Viaje de 4 d\u00edas de T\u00e1nger a Fez v\u00eda Rabat\" \/>\n                                <div class=\"th-port-overlay\"><\/div>\n                                <div class=\"th-port-inner\">\n                                                                        <div class=\"th-port-center\">\n                                        <h3 class=\"th-port-title\">Viaje de 4 d\u00edas de T\u00e1nger a Fez<\/h3>\n                                        <p class=\"th-port-sub\">Desde \u20ac350<\/p>                                                                                    <span class=\"th-port-btn\">Leer M\u00e1s<\/span>\n                                                                            <\/div>\n                                    <a href=\"https:\/\/imaginemorocco.com\/es\/tour\/viaje-de-4-dias-de-tanger-a-fez-via-rabat\/\" class=\"th-port-link\" ><\/a>                                <\/div>\n                            <\/div>\n                        <\/div>\n                                                <div id=\"post-432\" class=\"th-portfolio-item item col-md-3 col-sm-6 p-viajes-desde-casablanca post-432 themo_tour type-themo_tour status-publish format-standard has-post-thumbnail hentry themo_tour_type-viajes-desde-casablanca\">\n                            <div class=\"th-port-wrap\">\n                                <img loading=\"lazy\" decoding=\"async\" width=\"605\" height=\"605\" src=\"https:\/\/imaginemorocco.com\/es\/wp-content\/uploads\/2022\/02\/frida-aguilar-estrada-LhVJaRPweJc-unsplash-605x605.jpg\" class=\"img-responsive th-port-img wp-post-image\" alt=\"Tour de 6 d\u00edas en Marruecos desde Casablanca\" \/>\n                                <div class=\"th-port-overlay\"><\/div>\n                                <div class=\"th-port-inner\">\n                                                                        <div class=\"th-port-center\">\n                                        <h3 class=\"th-port-title\">6 d\u00edas en Marruecos<\/h3>\n                                        <p class=\"th-port-sub\">Desde \u20ac350<\/p>                                                                                    <span class=\"th-port-btn\">Leer M\u00e1s<\/span>\n                                                                            <\/div>\n                                    <a href=\"https:\/\/imaginemorocco.com\/es\/tour\/tour-de-6-dias-en-marruecos-de-casablanca-a-marrakech\/\" class=\"th-port-link\" ><\/a>                                <\/div>\n                            <\/div>\n                        <\/div>\n                                                <div id=\"post-458\" class=\"th-portfolio-item item col-md-3 col-sm-6 p-viajes-desde-marrakech post-458 themo_tour type-themo_tour status-publish format-standard has-post-thumbnail hentry themo_tour_type-viajes-desde-marrakech\">\n                            <div class=\"th-port-wrap\">\n                                <img loading=\"lazy\" decoding=\"async\" width=\"605\" height=\"605\" src=\"https:\/\/imaginemorocco.com\/es\/wp-content\/uploads\/2022\/03\/morocco-2525285_1280-605x605.jpg\" class=\"img-responsive th-port-img wp-post-image\" alt=\"Excursi\u00f3n de 3 d\u00edas de Marrakech a Merzouga\" \/>\n                                <div class=\"th-port-overlay\"><\/div>\n                                <div class=\"th-port-inner\">\n                                                                        <div class=\"th-port-center\">\n                                        <h3 class=\"th-port-title\">Excursi\u00f3n de 3 d\u00edas de Marrakech a Merzouga<\/h3>\n                                        <p class=\"th-port-sub\">Desde \u20ac100<\/p>                                                                                    <span class=\"th-port-btn\">Leer M\u00e1s<\/span>\n                                                                            <\/div>\n                                    <a href=\"https:\/\/imaginemorocco.com\/es\/tour\/excursion-de-3-dias-de-marrakech-a-merzouga\/\" class=\"th-port-link\" ><\/a>                                <\/div>\n                            <\/div>\n                        <\/div>\n                                                <div id=\"post-474\" class=\"th-portfolio-item item col-md-3 col-sm-6 p-viajes-desde-casablanca post-474 themo_tour type-themo_tour status-publish format-standard has-post-thumbnail hentry themo_tour_type-viajes-desde-casablanca\">\n                            <div class=\"th-port-wrap\">\n                                <img loading=\"lazy\" decoding=\"async\" width=\"605\" height=\"605\" src=\"https:\/\/imaginemorocco.com\/es\/wp-content\/uploads\/2022\/03\/resize-1620620246731834385morocco11773761920-605x605.jpg\" class=\"img-responsive th-port-img wp-post-image\" alt=\"Viaje de 8 d\u00edas por Marruecos desde Casablanca\" \/>\n                                <div class=\"th-port-overlay\"><\/div>\n                                <div class=\"th-port-inner\">\n                                                                        <div class=\"th-port-center\">\n                                        <h3 class=\"th-port-title\">Viaje de 8 d\u00edas desde Casablanca<\/h3>\n                                        <p class=\"th-port-sub\">Desde \u20ac405<\/p>                                                                                    <span class=\"th-port-btn\">Leer M\u00e1s<\/span>\n                                                                            <\/div>\n                                    <a href=\"https:\/\/imaginemorocco.com\/es\/tour\/viaje-de-8-dias-desde-casablanca\/\" class=\"th-port-link\" ><\/a>                                <\/div>\n                            <\/div>\n                        <\/div>\n                                                <div id=\"post-621\" class=\"th-portfolio-item item col-md-3 col-sm-6 p-viajes-desde-fez post-621 themo_tour type-themo_tour status-publish format-standard has-post-thumbnail hentry themo_tour_type-viajes-desde-fez\">\n                            <div class=\"th-port-wrap\">\n                                <img loading=\"lazy\" decoding=\"async\" width=\"605\" height=\"605\" src=\"https:\/\/imaginemorocco.com\/es\/wp-content\/uploads\/2022\/03\/sahara-1815085_1920-605x605.jpg\" class=\"img-responsive th-port-img wp-post-image\" alt=\"Viaje de 3 d\u00edas al desierto de Fez a Marrakech\" \/>\n                                <div class=\"th-port-overlay\"><\/div>\n                                <div class=\"th-port-inner\">\n                                                                        <div class=\"th-port-center\">\n                                        <h3 class=\"th-port-title\">Viaje de 3 d\u00edas de Fez a Marrakech<\/h3>\n                                        <p class=\"th-port-sub\">Desde \u20ac100<\/p>                                                                                    <span class=\"th-port-btn\">Leer M\u00e1s<\/span>\n                                                                            <\/div>\n                                    <a href=\"https:\/\/imaginemorocco.com\/es\/tour\/viaje-de-3-dias-al-desierto-de-fez-a-marrakech\/\" class=\"th-port-link\" ><\/a>                                <\/div>\n                            <\/div>\n                        <\/div>\n                                                <div id=\"post-649\" class=\"th-portfolio-item item col-md-3 col-sm-6 p-viajes-desde-tangier post-649 themo_tour type-themo_tour status-publish format-standard has-post-thumbnail hentry themo_tour_type-viajes-desde-tangier\">\n                            <div class=\"th-port-wrap\">\n                                <img loading=\"lazy\" decoding=\"async\" width=\"605\" height=\"605\" src=\"https:\/\/imaginemorocco.com\/es\/wp-content\/uploads\/2022\/03\/resize-16198279921889673253730791861839476752863082986539224839160545n-605x605.jpg\" class=\"img-responsive th-port-img wp-post-image\" alt=\"viaje de 6 d\u00edas desde T\u00e1nger por el desierto de Merzouga\" \/>\n                                <div class=\"th-port-overlay\"><\/div>\n                                <div class=\"th-port-inner\">\n                                                                        <div class=\"th-port-center\">\n                                        <h3 class=\"th-port-title\">viaje de 6 d\u00edas desde T\u00e1nger<\/h3>\n                                        <p class=\"th-port-sub\">Desde \u20ac350<\/p>                                                                                    <span class=\"th-port-btn\">Leer M\u00e1s<\/span>\n                                                                            <\/div>\n                                    <a href=\"https:\/\/imaginemorocco.com\/es\/tour\/viaje-de-6-dias-desde-tanger-por-el-desierto\/\" class=\"th-port-link\" ><\/a>                                <\/div>\n                            <\/div>\n                        <\/div>\n                                                <div id=\"post-671\" class=\"th-portfolio-item item col-md-3 col-sm-6 post-671 themo_tour type-themo_tour status-publish format-standard has-post-thumbnail hentry\">\n                            <div class=\"th-port-wrap\">\n                                <img loading=\"lazy\" decoding=\"async\" width=\"605\" height=\"605\" src=\"https:\/\/imaginemorocco.com\/es\/wp-content\/uploads\/2022\/03\/victoriano-izquierdo-HoevDVvxInw-unsplash-605x605.jpg\" class=\"img-responsive th-port-img wp-post-image\" alt=\"Viaje de 5 d\u00edas por Marruecos de Fez a Marrakech\" \/>\n                                <div class=\"th-port-overlay\"><\/div>\n                                <div class=\"th-port-inner\">\n                                                                        <div class=\"th-port-center\">\n                                        <h3 class=\"th-port-title\">Viaje de 5 d\u00edas por Marruecos<\/h3>\n                                        <p class=\"th-port-sub\">Desde \u20ac350<\/p>                                                                                    <span class=\"th-port-btn\">Leer M\u00e1s<\/span>\n                                                                            <\/div>\n                                    <a href=\"https:\/\/imaginemorocco.com\/es\/tour\/viaje-de-5-dias-por-marruecos-de-fez-a-marrakech\/\" class=\"th-port-link\" ><\/a>                                <\/div>\n                            <\/div>\n                        <\/div>\n                                                <div id=\"post-692\" class=\"th-portfolio-item item col-md-3 col-sm-6 p-viajes-desde-fez post-692 themo_tour type-themo_tour status-publish format-standard has-post-thumbnail hentry themo_tour_type-viajes-desde-fez\">\n                            <div class=\"th-port-wrap\">\n                                <img loading=\"lazy\" decoding=\"async\" width=\"605\" height=\"605\" src=\"https:\/\/imaginemorocco.com\/es\/wp-content\/uploads\/2022\/03\/126898455_835038423921669_8963022015338127191_n-605x605.jpg\" class=\"img-responsive th-port-img wp-post-image\" alt=\"Viaje de 4 d\u00edas al desierto de Fez a Marrakech\" \/>\n                                <div class=\"th-port-overlay\"><\/div>\n                                <div class=\"th-port-inner\">\n                                                                        <div class=\"th-port-center\">\n                                        <h3 class=\"th-port-title\">Viaje de 4 d\u00edas de Fez a Marrakech<\/h3>\n                                        <p class=\"th-port-sub\">Desde \u20ac250<\/p>                                                                                    <span class=\"th-port-btn\">Leer M\u00e1s<\/span>\n                                                                            <\/div>\n                                    <a href=\"https:\/\/imaginemorocco.com\/es\/tour\/viaje-de-4-dias-al-desierto-de-fez-a-marrakech\/\" class=\"th-port-link\" ><\/a>                                <\/div>\n                            <\/div>\n                        <\/div>\n                                                <div id=\"post-713\" class=\"th-portfolio-item item col-md-3 col-sm-6 post-713 themo_tour type-themo_tour status-publish format-standard has-post-thumbnail hentry\">\n                            <div class=\"th-port-wrap\">\n                                <img loading=\"lazy\" decoding=\"async\" width=\"394\" height=\"394\" src=\"https:\/\/imaginemorocco.com\/es\/wp-content\/uploads\/2022\/03\/desert-1270330_640-1-394x394.jpg\" class=\"img-responsive th-port-img wp-post-image\" alt=\"Viaje de 11 d\u00edas en Marruecos de T\u00e1nger a Marrakech\" \/>\n                                <div class=\"th-port-overlay\"><\/div>\n                                <div class=\"th-port-inner\">\n                                                                        <div class=\"th-port-center\">\n                                        <h3 class=\"th-port-title\">Viaje de 11 d\u00edas en Marruecos<\/h3>\n                                        <p class=\"th-port-sub\">Desde \u20ac510<\/p>                                                                                    <span class=\"th-port-btn\">Leer M\u00e1s<\/span>\n                                                                            <\/div>\n                                    <a href=\"https:\/\/imaginemorocco.com\/es\/tour\/viaje-de-11-dias-en-marruecos-de-tanger\/\" class=\"th-port-link\" ><\/a>                                <\/div>\n                            <\/div>\n                        <\/div>\n                                                <div id=\"post-747\" class=\"th-portfolio-item item col-md-3 col-sm-6 p-viajes-desde-marrakech post-747 themo_tour type-themo_tour status-publish format-standard has-post-thumbnail hentry themo_tour_type-viajes-desde-marrakech\">\n                            <div class=\"th-port-wrap\">\n                                <img loading=\"lazy\" decoding=\"async\" width=\"150\" height=\"150\" src=\"https:\/\/imaginemorocco.com\/es\/wp-content\/uploads\/2022\/03\/desert-2727440_640-150x150.jpg\" class=\"img-responsive th-port-img wp-post-image\" alt=\"Viaje de 7 d\u00edas al desierto desde Marrakech\" \/>\n                                <div class=\"th-port-overlay\"><\/div>\n                                <div class=\"th-port-inner\">\n                                                                        <div class=\"th-port-center\">\n                                        <h3 class=\"th-port-title\">Una semana en Marruecos<\/h3>\n                                        <p class=\"th-port-sub\">Desde \u20ac350<\/p>                                                                                    <span class=\"th-port-btn\">Leer M\u00e1s<\/span>\n                                                                            <\/div>\n                                    <a href=\"https:\/\/imaginemorocco.com\/es\/tour\/una-semana-en-marruecos-desde-marrakech\/\" class=\"th-port-link\" ><\/a>                                <\/div>\n                            <\/div>\n                        <\/div>\n                                                <div id=\"post-786\" class=\"th-portfolio-item item col-md-3 col-sm-6 p-viajes-desde-fez post-786 themo_tour type-themo_tour status-publish format-standard has-post-thumbnail hentry themo_tour_type-viajes-desde-fez\">\n                            <div class=\"th-port-wrap\">\n                                <img loading=\"lazy\" decoding=\"async\" width=\"605\" height=\"605\" src=\"https:\/\/imaginemorocco.com\/es\/wp-content\/uploads\/2022\/03\/hassan-ouajbir-QLYxtvHsAlA-unsplash-605x605.jpg\" class=\"img-responsive th-port-img wp-post-image\" alt=\"Viaje de 3 d\u00edas de Fez al desierto de Merzouga\" \/>\n                                <div class=\"th-port-overlay\"><\/div>\n                                <div class=\"th-port-inner\">\n                                                                        <div class=\"th-port-center\">\n                                        <h3 class=\"th-port-title\">Viaje de 3 d\u00edas de Fez al desierto<\/h3>\n                                        <p class=\"th-port-sub\">Desde \u20ac100<\/p>                                                                                    <span class=\"th-port-btn\">Leer M\u00e1s<\/span>\n                                                                            <\/div>\n                                    <a href=\"https:\/\/imaginemorocco.com\/es\/tour\/viaje-de-3-dias-de-fez-al-desierto-de-merzouga\/\" class=\"th-port-link\" ><\/a>                                <\/div>\n                            <\/div>\n                        <\/div>\n                                                <div id=\"post-807\" class=\"th-portfolio-item item col-md-3 col-sm-6 p-viajes-desde-marrakech post-807 themo_tour type-themo_tour status-publish format-standard has-post-thumbnail hentry themo_tour_type-viajes-desde-marrakech\">\n                            <div class=\"th-port-wrap\">\n                                <img loading=\"lazy\" decoding=\"async\" width=\"394\" height=\"394\" src=\"https:\/\/imaginemorocco.com\/es\/wp-content\/uploads\/2022\/03\/morocco-4960875_640-394x394.jpg\" class=\"img-responsive th-port-img wp-post-image\" alt=\"Viaje de 2 d\u00edas desde Marrakech al desierto de Zagora\" \/>\n                                <div class=\"th-port-overlay\"><\/div>\n                                <div class=\"th-port-inner\">\n                                                                        <div class=\"th-port-center\">\n                                        <h3 class=\"th-port-title\">Viaje de 2 d\u00edas desde Marrakech<\/h3>\n                                        <p class=\"th-port-sub\">Desde \u20ac100<\/p>                                                                                    <span class=\"th-port-btn\">Leer M\u00e1s<\/span>\n                                                                            <\/div>\n                                    <a href=\"https:\/\/imaginemorocco.com\/es\/tour\/viaje-de-2-dias-desde-marrakech-al-desierto\/\" class=\"th-port-link\" ><\/a>                                <\/div>\n                            <\/div>\n                        <\/div>\n                                                <div id=\"post-827\" class=\"th-portfolio-item item col-md-3 col-sm-6 p-viajes-desde-fez post-827 themo_tour type-themo_tour status-publish format-standard has-post-thumbnail hentry themo_tour_type-viajes-desde-fez\">\n                            <div class=\"th-port-wrap\">\n                                <img loading=\"lazy\" decoding=\"async\" width=\"605\" height=\"605\" src=\"https:\/\/imaginemorocco.com\/es\/wp-content\/uploads\/2022\/03\/127285239_1016827695467039_6267119308893731323_n-605x605.jpg\" class=\"img-responsive th-port-img wp-post-image\" alt=\"viaje de 2 d\u00edas desde Fez y descubra el desierto de Merzouga\" \/>\n                                <div class=\"th-port-overlay\"><\/div>\n                                <div class=\"th-port-inner\">\n                                                                        <div class=\"th-port-center\">\n                                        <h3 class=\"th-port-title\">Viaje de 2 d\u00edas de Fez al desierto<\/h3>\n                                        <p class=\"th-port-sub\">Desde \u20ac100<\/p>                                                                                    <span class=\"th-port-btn\">Leer M\u00e1s<\/span>\n                                                                            <\/div>\n                                    <a href=\"https:\/\/imaginemorocco.com\/es\/tour\/viaje-de-2-dias-de-fez-al-desierto-de-merzouga\/\" class=\"th-port-link\" ><\/a>                                <\/div>\n                            <\/div>\n                        <\/div>\n                                                <div id=\"post-940\" class=\"th-portfolio-item item col-md-3 col-sm-6 post-940 themo_tour type-themo_tour status-publish format-standard has-post-thumbnail hentry\">\n                            <div class=\"th-port-wrap\">\n                                \n                                <div class=\"th-port-overlay\"><\/div>\n                                <div class=\"th-port-inner\">\n                                                                            <div class=\"th-port-top-text\">4 Hours<\/div>\n                                                                        <div class=\"th-port-center\">\n                                        <h3 class=\"th-port-title\">Tour Single + Sidebar Calendar<\/h3>\n                                        <p class=\"th-port-sub\"> <\/p>                                                                                    <span class=\"th-port-btn\">VIEW TOUR<\/span>\n                                                                            <\/div>\n                                    <a href=\"https:\/\/imaginemorocco.com\/es\/tour\/single-sidebar-calendar\/\" class=\"th-port-link\" ><\/a>                                <\/div>\n                            <\/div>\n                        <\/div>\n                                                <div id=\"post-941\" class=\"th-portfolio-item item col-md-3 col-sm-6 post-941 themo_tour type-themo_tour status-publish format-standard has-post-thumbnail hentry\">\n                            <div class=\"th-port-wrap\">\n                                \n                                <div class=\"th-port-overlay\"><\/div>\n                                <div class=\"th-port-inner\">\n                                                                            <div class=\"th-port-top-text\">4 Hours<\/div>\n                                                                        <div class=\"th-port-center\">\n                                        <h3 class=\"th-port-title\">Tour Single + Sidebar Form<\/h3>\n                                        <p class=\"th-port-sub\"> <\/p>                                                                                    <span class=\"th-port-btn\">VIEW TOUR<\/span>\n                                                                            <\/div>\n                                    <a href=\"https:\/\/imaginemorocco.com\/es\/tour\/single-sidebar-form\/\" class=\"th-port-link\" ><\/a>                                <\/div>\n                            <\/div>\n                        <\/div>\n                                                <div id=\"post-943\" class=\"th-portfolio-item item col-md-3 col-sm-6 post-943 themo_tour type-themo_tour status-publish format-standard has-post-thumbnail hentry\">\n                            <div class=\"th-port-wrap\">\n                                \n                                <div class=\"th-port-overlay\"><\/div>\n                                <div class=\"th-port-inner\">\n                                                                            <div class=\"th-port-top-text\">4 Hours<\/div>\n                                                                        <div class=\"th-port-center\">\n                                        <h3 class=\"th-port-title\">The Valley Brewery Tour<\/h3>\n                                        <p class=\"th-port-sub\">Lorem ipsum dolor sit amet, consectetur adipiscing elit<\/p>                                                                                    <span class=\"th-port-btn\">VIEW TOUR<\/span>\n                                                                            <\/div>\n                                    <a href=\"https:\/\/imaginemorocco.com\/es\/tour\/brewery-tour\/\" class=\"th-port-link\" ><\/a>                                <\/div>\n                            <\/div>\n                        <\/div>\n                                                <div id=\"post-944\" class=\"th-portfolio-item item col-md-3 col-sm-6 post-944 themo_tour type-themo_tour status-publish format-standard has-post-thumbnail hentry\">\n                            <div class=\"th-port-wrap\">\n                                \n                                <div class=\"th-port-overlay\"><\/div>\n                                <div class=\"th-port-inner\">\n                                                                            <div class=\"th-port-top-text\">4 Hours<\/div>\n                                                                        <div class=\"th-port-center\">\n                                        <h3 class=\"th-port-title\">Valley Select Wine Tour<\/h3>\n                                        <p class=\"th-port-sub\">Lorem ipsum dolor sit amet, consectetur adipiscing elit<\/p>                                                                                    <span class=\"th-port-btn\">VIEW TOUR<\/span>\n                                                                            <\/div>\n                                    <a href=\"https:\/\/imaginemorocco.com\/es\/tour\/wine-tour\/\" class=\"th-port-link\" ><\/a>                                <\/div>\n                            <\/div>\n                        <\/div>\n                                                <div id=\"post-942\" class=\"th-portfolio-item item col-md-3 col-sm-6 post-942 themo_tour type-themo_tour status-publish format-standard has-post-thumbnail hentry\">\n                            <div class=\"th-port-wrap\">\n                                \n                                <div class=\"th-port-overlay\"><\/div>\n                                <div class=\"th-port-inner\">\n                                                                            <div class=\"th-port-top-text\">4 Hours<\/div>\n                                                                        <div class=\"th-port-center\">\n                                        <h3 class=\"th-port-title\">Tastes of the Valley Tour<\/h3>\n                                        <p class=\"th-port-sub\">Lorem ipsum dolor sit amet, consectetur adipiscing elit<\/p>                                                                                    <span class=\"th-port-btn\">VIEW TOUR<\/span>\n                                                                            <\/div>\n                                    <a href=\"https:\/\/imaginemorocco.com\/es\/tour\/tastes-of-the-valley\/\" class=\"th-port-link\" ><\/a>                                <\/div>\n                            <\/div>\n                        <\/div>\n                        \n            <\/div>\n\n        <\/div>\n\n        \t\t\t\t<\/div>\n\t\t\t\t<\/div>\n\t\t\t\t<div class=\"elementor-element elementor-element-c9ff72a elementor-widget elementor-widget-heading\" data-id=\"c9ff72a\" data-element_type=\"widget\" data-e-type=\"widget\" data-widget_type=\"heading.default\">\n\t\t\t\t<div class=\"elementor-widget-container\">\n\t\t\t\t\t<h2 class=\"elementor-heading-title elementor-size-default\">Nuestro objetivo<\/h2>\t\t\t\t<\/div>\n\t\t\t\t<\/div>\n\t\t\t\t<div class=\"elementor-element elementor-element-33b5a9b1 elementor-widget elementor-widget-text-editor\" data-id=\"33b5a9b1\" data-element_type=\"widget\" data-e-type=\"widget\" data-widget_type=\"text-editor.default\">\n\t\t\t\t<div class=\"elementor-widget-container\">\n\t\t\t\t\t\t\t\t\t<p>Los lugare\u00f1os siempre est\u00e1n encantados de compartir su cultura y su forma de vida tradicional con usted. Sin embargo, su visita significa mucho para nosotros. Por eso nos esforzamos en asegurarnos de que tenga todo lo que pueda necesitar en su viaje. Tenemos socios en todo Marruecos que le ofrecer\u00e1n comidas y alojamientos tradicionales marroqu\u00edes, adem\u00e1s de estar ah\u00ed para que se sienta c\u00f3modo y relajado. Nuestros viajes de lujo y est\u00e1ndar a Marruecos suelen ser considerados como los mejores viajes, y los viajes al desierto de Marruecos suelen ser considerados como los m\u00e1s destacados.<\/p><p>Nuestro pa\u00eds tiene muchas cosas que ver y hacer, cada ciudad tiene su magia y belleza \u00fanicas. Las ciudades marroqu\u00edes est\u00e1n recibiendo cada vez m\u00e1s turistas en los \u00faltimos a\u00f1os. Sin embargo, la gente se enamora de ellas muy f\u00e1cilmente. Est\u00e1 claro que lo que las hace m\u00e1gicas es la mezcla entre lo antiguo y lo moderno. Adem\u00e1s, Marruecos tiene muchos paisajes fabulosos y excepcionales, desde las monta\u00f1as del Atlas hasta el desierto del Sahara. Con nosotros, tendr\u00e1s paseos en camello, viajes en 4\u00d74 y visitas tur\u00edsticas incre\u00edbles.<\/p><p>Para conseguir un maravilloso viaje por Marruecos, tienes que estar seguro de qui\u00e9n lo va a pasar. Sin embargo, mientras lees esto ten la certeza de que est\u00e1s en buenas manos. S\u00f3lo tiene que elegir su viaje y ponerse en contacto con nosotros. Seguro que recordar\u00e1s esta experiencia en toda tu vida.<\/p><p>Para obtener m\u00e1s informaci\u00f3n sobre el pa\u00eds visita nuestro blog de viajes a Marruecos.<\/p>\t\t\t\t\t\t\t\t<\/div>\n\t\t\t\t<\/div>\n\t\t\t\t\t<\/div>\n\t\t<\/div>\n\t\t\t\t\t<\/div>\n\t\t<\/section>\n\t\t\t\t<\/div>\n\t\t","protected":false},"excerpt":{"rendered":"<p>Viajes al desierto de Marruecos | Viajes privados a Marruecos | Viajes en grupo | Viajes est\u00e1ndar y de lujo Los mejores y m\u00e1s reservados viajes privados al desierto de Marruecos para todo tipo de viajeros, grupos, parejas, viajeros en &hellip; <a href=\"https:\/\/imaginemorocco.com\/es\/tour\/tastes-of-the-valley\/\">Read More<\/a><\/p>\n","protected":false},"author":1,"featured_media":235,"parent":0,"menu_order":0,"comment_status":"closed","ping_status":"closed","template":"","meta":{"footnotes":""},"class_list":["post-241","page","type-page","status-publish","has-post-thumbnail","hentry"],"yoast_head":"<!-- This site is optimized with the Yoast SEO plugin v27.4 - https:\/\/yoast.com\/product\/yoast-seo-wordpress\/ -->\n<title>Viajes Por Marruecos - Imagine Marruecos<\/title>\n<meta name=\"description\" content=\"Los mejores viajes a Marruecos, viajes privados en grupo y en familia, de lujo, est\u00e1ndar. Reserve sus excursiones con los lugare\u00f1os bereberes.\" \/>\n<meta name=\"robots\" content=\"index, follow, max-snippet:-1, max-image-preview:large, max-video-preview:-1\" \/>\n<link rel=\"canonical\" href=\"https:\/\/imaginemorocco.com\/es\/viajes-por-marruecos\/\" \/>\n<meta property=\"og:locale\" content=\"es_ES\" \/>\n<meta property=\"og:type\" content=\"article\" \/>\n<meta property=\"og:title\" content=\"Viajes Por Marruecos - Imagine Marruecos\" \/>\n<meta property=\"og:description\" content=\"Los mejores viajes a Marruecos, viajes privados en grupo y en familia, de lujo, est\u00e1ndar. Reserve sus excursiones con los lugare\u00f1os bereberes.\" \/>\n<meta property=\"og:url\" content=\"https:\/\/imaginemorocco.com\/es\/viajes-por-marruecos\/\" \/>\n<meta property=\"og:site_name\" content=\"Imagine Marruecos\" \/>\n<meta property=\"article:publisher\" content=\"https:\/\/web.facebook.com\/imaginemorocco\" \/>\n<meta property=\"article:modified_time\" content=\"2022-02-16T21:23:21+00:00\" \/>\n<meta property=\"og:image\" content=\"https:\/\/imaginemorocco.com\/es\/wp-content\/uploads\/2022\/02\/sergey-pesterev-i-P1lmY_e1w-unsplash.jpg\" \/>\n\t<meta property=\"og:image:width\" content=\"1920\" \/>\n\t<meta property=\"og:image:height\" content=\"1285\" \/>\n\t<meta property=\"og:image:type\" content=\"image\/jpeg\" \/>\n<meta name=\"twitter:card\" content=\"summary_large_image\" \/>\n<meta name=\"twitter:site\" content=\"@imagine_morocco\" \/>\n<meta name=\"twitter:label1\" content=\"Tiempo de lectura\" \/>\n\t<meta name=\"twitter:data1\" content=\"3 minutos\" \/>\n<script type=\"application\/ld+json\" class=\"yoast-schema-graph\">{\"@context\":\"https:\\\/\\\/schema.org\",\"@graph\":[{\"@type\":\"WebPage\",\"@id\":\"https:\\\/\\\/imaginemorocco.com\\\/es\\\/viajes-por-marruecos\\\/\",\"url\":\"https:\\\/\\\/imaginemorocco.com\\\/es\\\/viajes-por-marruecos\\\/\",\"name\":\"Viajes Por Marruecos - Imagine Marruecos\",\"isPartOf\":{\"@id\":\"https:\\\/\\\/imaginemorocco.com\\\/es\\\/#website\"},\"primaryImageOfPage\":{\"@id\":\"https:\\\/\\\/imaginemorocco.com\\\/es\\\/viajes-por-marruecos\\\/#primaryimage\"},\"image\":{\"@id\":\"https:\\\/\\\/imaginemorocco.com\\\/es\\\/viajes-por-marruecos\\\/#primaryimage\"},\"thumbnailUrl\":\"https:\\\/\\\/imaginemorocco.com\\\/es\\\/wp-content\\\/uploads\\\/2022\\\/02\\\/sergey-pesterev-i-P1lmY_e1w-unsplash.jpg\",\"datePublished\":\"2022-02-07T20:56:07+00:00\",\"dateModified\":\"2022-02-16T21:23:21+00:00\",\"description\":\"Los mejores viajes a Marruecos, viajes privados en grupo y en familia, de lujo, est\u00e1ndar. Reserve sus excursiones con los lugare\u00f1os bereberes.\",\"breadcrumb\":{\"@id\":\"https:\\\/\\\/imaginemorocco.com\\\/es\\\/viajes-por-marruecos\\\/#breadcrumb\"},\"inLanguage\":\"es\",\"potentialAction\":[{\"@type\":\"ReadAction\",\"target\":[\"https:\\\/\\\/imaginemorocco.com\\\/es\\\/viajes-por-marruecos\\\/\"]}]},{\"@type\":\"ImageObject\",\"inLanguage\":\"es\",\"@id\":\"https:\\\/\\\/imaginemorocco.com\\\/es\\\/viajes-por-marruecos\\\/#primaryimage\",\"url\":\"https:\\\/\\\/imaginemorocco.com\\\/es\\\/wp-content\\\/uploads\\\/2022\\\/02\\\/sergey-pesterev-i-P1lmY_e1w-unsplash.jpg\",\"contentUrl\":\"https:\\\/\\\/imaginemorocco.com\\\/es\\\/wp-content\\\/uploads\\\/2022\\\/02\\\/sergey-pesterev-i-P1lmY_e1w-unsplash.jpg\",\"width\":1920,\"height\":1285,\"caption\":\"Viajes Por Marruecos\"},{\"@type\":\"BreadcrumbList\",\"@id\":\"https:\\\/\\\/imaginemorocco.com\\\/es\\\/viajes-por-marruecos\\\/#breadcrumb\",\"itemListElement\":[{\"@type\":\"ListItem\",\"position\":1,\"name\":\"Portada\",\"item\":\"https:\\\/\\\/imaginemorocco.com\\\/es\\\/\"},{\"@type\":\"ListItem\",\"position\":2,\"name\":\"Viajes Por Marruecos\"}]},{\"@type\":\"WebSite\",\"@id\":\"https:\\\/\\\/imaginemorocco.com\\\/es\\\/#website\",\"url\":\"https:\\\/\\\/imaginemorocco.com\\\/es\\\/\",\"name\":\"Imagine Marruecos\",\"description\":\"Viajes a Marruecos\",\"publisher\":{\"@id\":\"https:\\\/\\\/imaginemorocco.com\\\/es\\\/#organization\"},\"potentialAction\":[{\"@type\":\"SearchAction\",\"target\":{\"@type\":\"EntryPoint\",\"urlTemplate\":\"https:\\\/\\\/imaginemorocco.com\\\/es\\\/?s={search_term_string}\"},\"query-input\":{\"@type\":\"PropertyValueSpecification\",\"valueRequired\":true,\"valueName\":\"search_term_string\"}}],\"inLanguage\":\"es\"},{\"@type\":\"Organization\",\"@id\":\"https:\\\/\\\/imaginemorocco.com\\\/es\\\/#organization\",\"name\":\"Imagina Marruecos\",\"url\":\"https:\\\/\\\/imaginemorocco.com\\\/es\\\/\",\"logo\":{\"@type\":\"ImageObject\",\"inLanguage\":\"es\",\"@id\":\"https:\\\/\\\/imaginemorocco.com\\\/es\\\/#\\\/schema\\\/logo\\\/image\\\/\",\"url\":\"https:\\\/\\\/imaginemorocco.com\\\/es\\\/wp-content\\\/uploads\\\/2022\\\/02\\\/cropped-cropped-imagine-morocco-transparent.png\",\"contentUrl\":\"https:\\\/\\\/imaginemorocco.com\\\/es\\\/wp-content\\\/uploads\\\/2022\\\/02\\\/cropped-cropped-imagine-morocco-transparent.png\",\"width\":512,\"height\":512,\"caption\":\"Imagina Marruecos\"},\"image\":{\"@id\":\"https:\\\/\\\/imaginemorocco.com\\\/es\\\/#\\\/schema\\\/logo\\\/image\\\/\"},\"sameAs\":[\"https:\\\/\\\/web.facebook.com\\\/imaginemorocco\",\"https:\\\/\\\/x.com\\\/imagine_morocco\",\"https:\\\/\\\/www.instagram.com\\\/imagine_morocco\\\/\",\"https:\\\/\\\/ma.linkedin.com\\\/in\\\/travelling-in-morocco-8b98b91b7\",\"https:\\\/\\\/www.youtube.com\\\/channel\\\/UCNK6Gi3lPR66629tsVv6ESw\"]}]}<\/script>\n<!-- \/ Yoast SEO plugin. -->","yoast_head_json":{"title":"Viajes Por Marruecos - Imagine Marruecos","description":"Los mejores viajes a Marruecos, viajes privados en grupo y en familia, de lujo, est\u00e1ndar. Reserve sus excursiones con los lugare\u00f1os bereberes.","robots":{"index":"index","follow":"follow","max-snippet":"max-snippet:-1","max-image-preview":"max-image-preview:large","max-video-preview":"max-video-preview:-1"},"canonical":"https:\/\/imaginemorocco.com\/es\/viajes-por-marruecos\/","og_locale":"es_ES","og_type":"article","og_title":"Viajes Por Marruecos - Imagine Marruecos","og_description":"Los mejores viajes a Marruecos, viajes privados en grupo y en familia, de lujo, est\u00e1ndar. Reserve sus excursiones con los lugare\u00f1os bereberes.","og_url":"https:\/\/imaginemorocco.com\/es\/viajes-por-marruecos\/","og_site_name":"Imagine Marruecos","article_publisher":"https:\/\/web.facebook.com\/imaginemorocco","article_modified_time":"2022-02-16T21:23:21+00:00","og_image":[{"width":1920,"height":1285,"url":"https:\/\/imaginemorocco.com\/es\/wp-content\/uploads\/2022\/02\/sergey-pesterev-i-P1lmY_e1w-unsplash.jpg","type":"image\/jpeg"}],"twitter_card":"summary_large_image","twitter_site":"@imagine_morocco","twitter_misc":{"Tiempo de lectura":"3 minutos"},"schema":{"@context":"https:\/\/schema.org","@graph":[{"@type":"WebPage","@id":"https:\/\/imaginemorocco.com\/es\/viajes-por-marruecos\/","url":"https:\/\/imaginemorocco.com\/es\/viajes-por-marruecos\/","name":"Viajes Por Marruecos - Imagine Marruecos","isPartOf":{"@id":"https:\/\/imaginemorocco.com\/es\/#website"},"primaryImageOfPage":{"@id":"https:\/\/imaginemorocco.com\/es\/viajes-por-marruecos\/#primaryimage"},"image":{"@id":"https:\/\/imaginemorocco.com\/es\/viajes-por-marruecos\/#primaryimage"},"thumbnailUrl":"https:\/\/imaginemorocco.com\/es\/wp-content\/uploads\/2022\/02\/sergey-pesterev-i-P1lmY_e1w-unsplash.jpg","datePublished":"2022-02-07T20:56:07+00:00","dateModified":"2022-02-16T21:23:21+00:00","description":"Los mejores viajes a Marruecos, viajes privados en grupo y en familia, de lujo, est\u00e1ndar. Reserve sus excursiones con los lugare\u00f1os bereberes.","breadcrumb":{"@id":"https:\/\/imaginemorocco.com\/es\/viajes-por-marruecos\/#breadcrumb"},"inLanguage":"es","potentialAction":[{"@type":"ReadAction","target":["https:\/\/imaginemorocco.com\/es\/viajes-por-marruecos\/"]}]},{"@type":"ImageObject","inLanguage":"es","@id":"https:\/\/imaginemorocco.com\/es\/viajes-por-marruecos\/#primaryimage","url":"https:\/\/imaginemorocco.com\/es\/wp-content\/uploads\/2022\/02\/sergey-pesterev-i-P1lmY_e1w-unsplash.jpg","contentUrl":"https:\/\/imaginemorocco.com\/es\/wp-content\/uploads\/2022\/02\/sergey-pesterev-i-P1lmY_e1w-unsplash.jpg","width":1920,"height":1285,"caption":"Viajes Por Marruecos"},{"@type":"BreadcrumbList","@id":"https:\/\/imaginemorocco.com\/es\/viajes-por-marruecos\/#breadcrumb","itemListElement":[{"@type":"ListItem","position":1,"name":"Portada","item":"https:\/\/imaginemorocco.com\/es\/"},{"@type":"ListItem","position":2,"name":"Viajes Por Marruecos"}]},{"@type":"WebSite","@id":"https:\/\/imaginemorocco.com\/es\/#website","url":"https:\/\/imaginemorocco.com\/es\/","name":"Imagine Marruecos","description":"Viajes a Marruecos","publisher":{"@id":"https:\/\/imaginemorocco.com\/es\/#organization"},"potentialAction":[{"@type":"SearchAction","target":{"@type":"EntryPoint","urlTemplate":"https:\/\/imaginemorocco.com\/es\/?s={search_term_string}"},"query-input":{"@type":"PropertyValueSpecification","valueRequired":true,"valueName":"search_term_string"}}],"inLanguage":"es"},{"@type":"Organization","@id":"https:\/\/imaginemorocco.com\/es\/#organization","name":"Imagina Marruecos","url":"https:\/\/imaginemorocco.com\/es\/","logo":{"@type":"ImageObject","inLanguage":"es","@id":"https:\/\/imaginemorocco.com\/es\/#\/schema\/logo\/image\/","url":"https:\/\/imaginemorocco.com\/es\/wp-content\/uploads\/2022\/02\/cropped-cropped-imagine-morocco-transparent.png","contentUrl":"https:\/\/imaginemorocco.com\/es\/wp-content\/uploads\/2022\/02\/cropped-cropped-imagine-morocco-transparent.png","width":512,"height":512,"caption":"Imagina Marruecos"},"image":{"@id":"https:\/\/imaginemorocco.com\/es\/#\/schema\/logo\/image\/"},"sameAs":["https:\/\/web.facebook.com\/imaginemorocco","https:\/\/x.com\/imagine_morocco","https:\/\/www.instagram.com\/imagine_morocco\/","https:\/\/ma.linkedin.com\/in\/travelling-in-morocco-8b98b91b7","https:\/\/www.youtube.com\/channel\/UCNK6Gi3lPR66629tsVv6ESw"]}]}},"_links":{"self":[{"href":"https:\/\/imaginemorocco.com\/es\/wp-json\/wp\/v2\/pages\/241","targetHints":{"allow":["GET"]}}],"collection":[{"href":"https:\/\/imaginemorocco.com\/es\/wp-json\/wp\/v2\/pages"}],"about":[{"href":"https:\/\/imaginemorocco.com\/es\/wp-json\/wp\/v2\/types\/page"}],"author":[{"embeddable":true,"href":"https:\/\/imaginemorocco.com\/es\/wp-json\/wp\/v2\/users\/1"}],"replies":[{"embeddable":true,"href":"https:\/\/imaginemorocco.com\/es\/wp-json\/wp\/v2\/comments?post=241"}],"version-history":[{"count":7,"href":"https:\/\/imaginemorocco.com\/es\/wp-json\/wp\/v2\/pages\/241\/revisions"}],"predecessor-version":[{"id":406,"href":"https:\/\/imaginemorocco.com\/es\/wp-json\/wp\/v2\/pages\/241\/revisions\/406"}],"wp:featuredmedia":[{"embeddable":true,"href":"https:\/\/imaginemorocco.com\/es\/wp-json\/wp\/v2\/media\/235"}],"wp:attachment":[{"href":"https:\/\/imaginemorocco.com\/es\/wp-json\/wp\/v2\/media?parent=241"}],"curies":[{"name":"wp","href":"https:\/\/api.w.org\/{rel}","templated":true}]}}